{"id":10,"date":"2025-09-09T21:35:13","date_gmt":"2025-09-09T19:35:13","guid":{"rendered":"http:\/\/terraviva.cz\/?page_id=10"},"modified":"2025-12-12T17:22:04","modified_gmt":"2025-12-12T16:22:04","slug":"uvod","status":"publish","type":"page","link":"http:\/\/terraviva.cz\/","title":{"rendered":"\u00davod"},"content":{"rendered":"<p>[et_pb_section fb_built=&#8220;1&#8243; _builder_version=&#8220;4.27.4&#8243; _module_preset=&#8220;default&#8220; background_color=&#8220;#deb582&#8243; width=&#8220;100%&#8220; module_alignment=&#8220;center&#8220; custom_margin=&#8220;0px||||false|false&#8220; custom_padding=&#8220;0px||||false|false&#8220; bottom_divider_style=&#8220;wave2&#8243; bottom_divider_color=&#8220;#FFFFFF&#8220; global_colors_info=&#8220;{}&#8220;][et_pb_row make_equal=&#8220;on&#8220; _builder_version=&#8220;4.27.4&#8243; _module_preset=&#8220;default&#8220; width=&#8220;100%&#8220; max_width=&#8220;2560px&#8220; module_alignment=&#8220;center&#8220; custom_margin=&#8220;0px||||false|false&#8220; custom_padding=&#8220;0px||||false|false&#8220; global_colors_info=&#8220;{}&#8220;][et_pb_column type=&#8220;4_4&#8243; _builder_version=&#8220;4.27.4&#8243; _module_preset=&#8220;default&#8220; global_colors_info=&#8220;{}&#8220;][et_pb_image src=&#8220;http:\/\/terraviva.cz\/wp-content\/uploads\/2025\/09\/terra_viva_head_2025-08-31-20-40-59-0007-scaled.jpg&#8220; title_text=&#8220;terra_viva_head_2025-08-31 20-40-59 &#8211; 0007&#8243; align=&#8220;center&#8220; force_fullwidth=&#8220;on&#8220; _builder_version=&#8220;4.27.4&#8243; _module_preset=&#8220;default&#8220; min_height=&#8220;100%&#8220; global_colors_info=&#8220;{}&#8220;][\/et_pb_image][\/et_pb_column][\/et_pb_row][et_pb_row _builder_version=&#8220;4.27.4&#8243; _module_preset=&#8220;default&#8220; custom_margin=&#8220;-228px|auto||auto||&#8220; global_colors_info=&#8220;{}&#8220;][et_pb_column type=&#8220;4_4&#8243; _builder_version=&#8220;4.27.4&#8243; _module_preset=&#8220;default&#8220; global_colors_info=&#8220;{}&#8220;][et_pb_text _builder_version=&#8220;4.27.4&#8243; _module_preset=&#8220;default&#8220; header_font_size=&#8220;63px&#8220; header_line_height=&#8220;1.4em&#8220; custom_padding=&#8220;||63px|||&#8220; global_colors_info=&#8220;{}&#8220;]<\/p>\n<h1 style=\"text-align: center;\"><span style=\"color: #ffffff;\"><strong>Z\u00c1CHRANA KOSTELA SV. MARTINA V DOLN\u00cd OLD\u0158I\u0160I<\/strong><\/span><\/h1>\n<p style=\"text-align: center;\">\n<p style=\"text-align: center;\"><span style=\"color: #000000;\">Spolek Terra Viva Doln\u00ed Old\u0159i\u0161<\/span><\/p>\n<p style=\"text-align: center;\"><span style=\"color: #000000;\">Jsme mali\u010dk\u00fd spolek v\u00a0mali\u010dk\u00e9 vesnici, kterou zas\u00e1hl nemilosrdn\u00fd osten d\u011bjin, kter\u00fd n\u00e1m nen\u00ed lhostejn\u00fd.<\/span><\/p>\n<p style=\"text-align: center;\"><span style=\"color: #000000;\">V\u011bt\u0161ina z\u00a0n\u00e1s se do obce p\u0159ist\u011bhovala s\u00a0touhou nal\u00e9zt v\u00a0t\u00e9to krajin\u011b klid, ct\u00edt jej\u00ed d\u011bjinnou mnohotv\u00e1rnost a rozv\u00edjet ji, aby z\u016fstala zachovan\u00e1 a funk\u010dn\u00ed pro n\u00e1s a ty, kte\u0159\u00ed p\u0159ijdou po n\u00e1s.<\/span><\/p>\n<p style=\"text-align: center;\"><span style=\"color: #000000;\">Za dobu na\u0161\u00ed kr\u00e1tk\u00e9 \u00a0existence jsme vytvo\u0159ili n\u011bkolik mal\u00fdch mil\u00fdch a \u00fasm\u011bvn\u00fdch kulturn\u00edch akc\u00ed \u2013 <a style=\"color: #000000;\" href=\"https:\/\/www.frydlantsko.eu\/?r3d=spolek-terra-viva-dolni-oldris-2025\" target=\"_blank\" rel=\"noopener\">Odkaz na vytvo\u0159enou prezentaci.<\/a><\/span><\/p>\n<p style=\"text-align: center;\"><span style=\"color: #000000;\">P\u0158EJEME SI<\/span><\/p>\n<p style=\"text-align: center;\"><span style=\"color: #000000;\">Obnovit kostel sv. Martina a vtisknout mu \u017eivot napl\u0148uj\u00edc\u00ed duchovn\u00ed a existenci\u00e1ln\u00ed pot\u0159eby modern\u00edho \u010dlov\u011bka s\u00a0ohledem na jeho k\u0159es\u0165anskou historii.<\/span><\/p>\n<p style=\"text-align: center;\"><span style=\"color: #000000;\">PRVN\u00cd KROK JE STAVEBN\u011a HISTORICK\u00dd PR\u016eZKUM<\/span><\/p>\n<p style=\"text-align: center;\"><span style=\"color: #000000;\">Zadali jsme tvorbu stavebn\u011b historick\u00e9ho pr\u016fzkumu Ing. Arch. Janu Pe\u0161tovi, na podzim za\u010dneme se zam\u011b\u0159en\u00edm kostela a v\u00a0pr\u016fb\u011bhu p\u0159\u00ed\u0161t\u00edho roku chceme realizovat cel\u00fd stavebn\u011b historick\u00fd pr\u016fzkum za podpory financov\u00e1n\u00ed Libereck\u00e9ho kraje v\u00a0r\u00e1mci v\u00fdzvy <strong>PAM\u00c1TKOV\u00c1 P\u00c9\u010cE &#8211; 7.3 STAVEBN\u011a HISTORICK\u00dd PR\u016eZKUM 2026.<br \/><\/strong><\/span><\/p>\n<p style=\"text-align: center;\"><strong>D\u011aKUJEME KV\u011aT\u011a VINKL\u00c1TOV\u00c9, N\u00c1M\u011aSTKYNI PRO RESORT KULTURY A CESTOVN\u00cd RUCH LIBERECK\u00c9HO KRAJE, LITOM\u011a\u0158ICK\u00c9 DIEC\u00c9ZI A P\u0158EDEV\u0160\u00cdM PANU GENER\u00c1LN\u00cdMU VIK\u00c1\u0158OVI RADKU JURNE\u010cKOVI A D\u011aKANOVI FR\u00ddDLANTSK\u00c9 FARNOSTI GRZEGORZI MARI\u00c1NOVI CZYZEWSK\u00c9MU ZA P\u0158\u00cdTOMNOST O MO\u017dNOST ROZHOVOR\u016e, KTER\u00c9 N\u00c1M BYLY UMO\u017dN\u011aNY A D\u00cdKY NIM M\u016e\u017dEME ROZV\u00cdJET MY\u0160LENKU Z\u00c1CHRANY TOHOTO POSV\u00c1TN\u00c9HO M\u00cdSTA.<\/strong><\/p>\n<p style=\"text-align: center;\"><span style=\"color: #000000;\"><strong>\u00a0<\/strong><\/span><\/p>\n<p style=\"text-align: center;\"><span style=\"color: #000000;\">CHCETE-LI p\u0159idejte se k\u00a0n\u00e1m, bu\u010f \u010dlenstv\u00edm ve spolku, nebo finan\u010dn\u00ed podporou na transparentn\u00ed \u00fa\u010det<\/span><\/p>\n<h3 style=\"text-align: center;\"><strong><span style=\"color: #000000;\">131-3639010297\/0100<\/span><\/strong><\/h3>\n<p>&nbsp;<\/p>\n<p><strong><span style=\"color: #000000;\"><img loading=\"lazy\" decoding=\"async\" class=\"wp-image-46 alignnone size-medium\" style=\"display: block; margin-left: auto; margin-right: auto;\" src=\"http:\/\/terraviva.cz\/wp-content\/uploads\/2025\/09\/002_QR_marianska_zahrada_kosteu_oldris_2025-277x300.png\" alt=\"\" width=\"277\" height=\"300\" \/><\/span><\/strong><\/p>\n<p style=\"text-align: center;\"><span style=\"color: #000000;\">_________________________________<\/span><\/p>\n<p style=\"text-align: center;\"><strong><span style=\"color: #000000;\">Kontakty<\/span><\/strong><\/p>\n<p style=\"text-align: center;\"><span style=\"color: #000000;\">Spolek Terra Viva Doln\u00ed Old\u0159i\u0161<\/span><\/p>\n<p style=\"text-align: center;\"><span style=\"color: #000000;\">Spolek je zaps\u00e1n ve spolkov\u00e9m rejst\u0159\u00edku veden\u00e9m u Krajsk\u00e9ho soudu v \u00dast\u00ed nad Labem v odd\u00edlu L, vlo\u017ece \u010d\u00edslo 10731, p\u0159id\u011blen\u00e9 I\u010c: 06404324<\/span><\/p>\n<p style=\"text-align: center;\"><span style=\"color: #000000;\"><strong>S\u00eddlo spolku<\/strong><\/span><\/p>\n<p style=\"text-align: center;\"><span style=\"color: #000000;\">\u00a0Doln\u00ed Old\u0159i\u0161 \u010d. ev. 3, 464 01\u00a0 Bulovka<\/span><\/p>\n<p style=\"text-align: center;\"><span style=\"color: #000000;\">E-mail: <a style=\"color: #000000;\" href=\"mailto:sarka@terra-mater.cz\">sarka@terra-mater.cz<\/a><\/span><br \/><span style=\"color: #000000;\">Tel.: 602 165 096 \u0160\u00e1rka Neme\u0161ov\u00e1<\/span><\/p>\n<p class=\"x_MsoNormal\" style=\"text-align: center;\" data-olk-copy-source=\"MessageBody\"><strong><span style=\"color: #000000;\">\u010c\u00edslo \u00fa\u010dtu: 131-3639010297\/0100<\/span><\/strong><\/p>\n<p class=\"x_MsoNormal\" style=\"text-align: center;\"><span style=\"color: #000000;\">M\u011bna: CZK \/ <\/span><span style=\"color: #000000; font-size: 14px;\">IBAN: CZ35 0100 0001 3136 3901 0297 \/ <\/span><span style=\"color: #000000; font-size: 14px;\">SWIFT: KOMBCZPP<\/span><\/p>\n<p class=\"x_MsoNormal\" style=\"text-align: center;\"><span style=\"color: #000000;\">Odkaz na QR k\u00f3d: <\/span><a id=\"LPlnk898033\" style=\"font-size: 14px; color: #000000;\" title=\"https:\/\/www.kb.cz\/cs\/transparentni-ucty\/131-3639010297\" href=\"https:\/\/www.kb.cz\/cs\/transparentni-ucty\/131-3639010297\" data-auth=\"NotApplicable\" data-linkindex=\"0\" data-ogsc=\"\">https:\/\/www.kb.cz\/cs\/transparentni-ucty\/131-3639010297<\/a><\/p>\n<p>[\/et_pb_text][et_pb_text _builder_version=&#8220;4.27.4&#8243; _module_preset=&#8220;default&#8220; text_text_color=&#8220;#000000&#8243; header_2_font=&#8220;|700|||||||&#8220; header_2_text_align=&#8220;center&#8220; header_3_font=&#8220;|700|||||||&#8220; header_3_text_align=&#8220;center&#8220; header_3_font_size=&#8220;35px&#8220; header_3_line_height=&#8220;1.3em&#8220; module_alignment=&#8220;center&#8220; custom_margin=&#8220;||41px|||&#8220; global_colors_info=&#8220;{}&#8220;]<\/p>\n<h3><i data-olk-copy-source=\"MailCompose\">Za dobu na\u0161\u00ed kr\u00e1tk\u00e9 \u00a0existence jsme vytvo\u0159ili n\u011bkolik mal\u00fdch mil\u00fdch a \u00fasm\u011bvn\u00fdch kulturn\u00edch akc\u00ed.<\/i><\/h3>\n<p>[\/et_pb_text][et_pb_image src=&#8220;http:\/\/terraviva.cz\/wp-content\/uploads\/2025\/09\/2025-09-12_133126.jpg&#8220; title_text=&#8220;2025-09-12_133126&#8243; url=&#8220;https:\/\/www.frydlantsko.eu\/?r3d=spolek-terra-viva-dolni-oldris-2025&#8243; url_new_window=&#8220;on&#8220; use_overlay=&#8220;on&#8220; overlay_icon_color=&#8220;#FFFFFF&#8220; hover_overlay_color=&#8220;rgba(109,93,0,0.38)&#8220; hover_icon=&#8220;&#xf2f5;||fa||900&#8243; align=&#8220;center&#8220; _builder_version=&#8220;4.27.4&#8243; _module_preset=&#8220;default&#8220; custom_margin=&#8220;||90px|||&#8220; border_radii=&#8220;on|22px|22px|22px|22px&#8220; global_colors_info=&#8220;{}&#8220;][\/et_pb_image][\/et_pb_column][\/et_pb_row][\/et_pb_section][et_pb_section fb_built=&#8220;1&#8243; _builder_version=&#8220;4.27.4&#8243; _module_preset=&#8220;default&#8220; custom_margin=&#8220;||-11px|||&#8220; global_colors_info=&#8220;{}&#8220;][et_pb_row _builder_version=&#8220;4.27.4&#8243; _module_preset=&#8220;default&#8220; custom_margin=&#8220;|auto|-56px|auto||&#8220; global_colors_info=&#8220;{}&#8220;][et_pb_column type=&#8220;4_4&#8243; _builder_version=&#8220;4.27.4&#8243; _module_preset=&#8220;default&#8220; global_colors_info=&#8220;{}&#8220;][et_pb_image src=&#8220;http:\/\/terraviva.cz\/wp-content\/uploads\/2025\/09\/003_zari_marianska_zahrada_kostel_oldris_2025_final.jpg&#8220; title_text=&#8220;003_zari_marianska_zahrada_kostel_oldris_2025_final&#8220; show_in_lightbox=&#8220;on&#8220; use_overlay=&#8220;on&#8220; overlay_icon_color=&#8220;#FFFFFF&#8220; hover_overlay_color=&#8220;rgba(99,69,0,0.37)&#8220; hover_icon=&#8220;&#xf00e;||fa||900&#8243; _builder_version=&#8220;4.27.4&#8243; _module_preset=&#8220;default&#8220; border_radii=&#8220;on|22px|22px|22px|22px&#8220; global_colors_info=&#8220;{}&#8220;][\/et_pb_image][\/et_pb_column][\/et_pb_row][\/et_pb_section][et_pb_section fb_built=&#8220;1&#8243; _builder_version=&#8220;4.27.4&#8243; _module_preset=&#8220;default&#8220; custom_padding=&#8220;21px||7px|||&#8220; global_colors_info=&#8220;{}&#8220;][et_pb_row _builder_version=&#8220;4.27.4&#8243; _module_preset=&#8220;default&#8220; global_colors_info=&#8220;{}&#8220;][et_pb_column type=&#8220;4_4&#8243; _builder_version=&#8220;4.27.4&#8243; _module_preset=&#8220;default&#8220; global_colors_info=&#8220;{}&#8220;][et_pb_text _builder_version=&#8220;4.27.4&#8243; _module_preset=&#8220;default&#8220; global_colors_info=&#8220;{}&#8220;]<\/p>\n<h1 style=\"text-align: center;\"><strong>Z\u00e1\u0159\u00ed v\u00a0Mari\u00e1nsk\u00e9 zahrad\u011b <\/strong><\/h1>\n<p style=\"text-align: center;\"><strong>sobota 20. z\u00e1\u0159\u00ed od 11.00 hod.<br \/>ned\u011ble 21. z\u00e1\u0159\u00ed od 13.00 hod.<\/strong><\/p>\n<p style=\"text-align: center;\"><strong>Koncerty, divadlo, film, v\u00fdstavy, p\u0159edn\u00e1\u0161ky o bylin\u00e1ch, prodej bylin a kv\u011btin, catering z\u00a0m\u00edstn\u00ed produkce<\/strong><\/p>\n<p style=\"text-align: center;\">Akce se kon\u00e1 pod z\u00e1\u0161titou n\u00e1m\u011bstkyn\u011b Libereck\u00e9ho kraje pro resort kultury a cestovn\u00edho ruchu Kv\u011bty Vinkl\u00e1tov\u00e9.<\/p>\n<p style=\"text-align: center;\"><strong>Sobota 11.00\u00a0 zah\u00e1jen\u00ed v\u00a0kostele sv. Martina v\u00a0Doln\u00ed Old\u0159i\u0161i<br \/><\/strong>V\u00fdstavy budou p\u0159\u00edstupn\u00e9 po oba dva dny.<\/p>\n<p style=\"text-align: center;\"><strong>V\u00fdstavy v\u00a0kostele sv. Martina<\/strong><\/p>\n<p style=\"text-align: center;\"><strong>Skryt\u00e9 krajiny II<\/strong><\/p>\n<p style=\"text-align: center;\">v\u00fdstava \u0161koln\u00edch prac\u00ed frekventant\u016f Libereck\u00e9 \u0161koly foto\u2022grafick\u00e9 (L\u0160FG)<\/p>\n<p style=\"text-align: center;\">Mezi nej\u010dast\u011bji zpracovan\u00e1 t\u00e9mata fotograf\u016f amater\u016f pat\u0159\u00ed portr\u00e9t, se v\u0161emi jeho podkapitolami (od aktu po fashion), streetfotografie, z\u00e1ti\u0161\u00ed a\u00a0krajina. \u00dakolem student\u016f je uchopit t\u00e9ma a\u00a0popasovat se s n\u00edm. N\u011bkter\u00e9 z prac\u00ed nebo alespo\u0148 jejich \u010d\u00e1sti m\u00e1me tu \u010dest p\u0159edstavit i\u00a0v\u00e1m. V\u011bt\u0161ina vystaven\u00fdch d\u011bl vznikla v\u00a0rozmez\u00ed posledn\u00edch t\u0159\u00ed let. V tomto obdob\u00ed se vyskytl nov\u00fd, nezvan\u00fd, fenom\u00e9n. \u0158\u00edkejme mu nejistota. A\u0165 ji\u017e mezi n\u00ed pat\u0159il a pat\u0159\u00ed Covid, v\u00e1lka \u010di ekonomick\u00e1 situace, propsala se do na\u0161ich \u017eivot\u016f. Omezili jsme cestov\u00e1n\u00ed, styky s\u00a0okol\u00edm \u0159e\u0161\u00edme po soci\u00e1ln\u00edch s\u00edt\u00edch, zab\u00fdv\u00e1me sami sebou, sv\u00fdmi postoji k sv\u011btu okolo n\u00e1s. \u0158e\u0161\u00edme osobn\u00ed pocity i\u00a0n\u00e1lady. Hled\u00e1me ve skrytu na\u0161ich du\u0161\u00ed odpov\u011bdi na na\u0161e ot\u00e1zky. A to v\u0161e se odr\u00e1\u017e\u00ed na vystaven\u00fdch fotografi\u00edch.<\/p>\n<p style=\"text-align: center;\"><strong>Obrazy Leona Chvojkov\u00e1<br \/>Souzn\u011bn\u00ed<br \/><\/strong><\/p>\n<p style=\"text-align: center;\">D\u00edv\u00e1m se kolem sebe<br \/>Na sebe<br \/>Do sebe.<br \/>V\u00edm, \u017ee se dot\u00fdk\u00e1m k\u0159ehkosti<br \/>I s\u00edly byt\u00ed.<br \/>Nut\u00ed mne to<br \/>Nut\u00ed to v\u0161e pro\u017e\u00edvat<br \/>Prohl\u00ed\u017eet si<br \/>Zkoumat<br \/>Vracet se.<br \/>Z\u00e1\u017eitky<br \/>My\u0161lenky<br \/>Pocity<br \/>Nem\u016f\u017eou zmizet<br \/>Tla\u010d\u00ed se ven<br \/>Do obraz\u016f\u2026<br \/>Obrazy jsou pro m\u011b v\u00fdzvou<br \/>I odm\u011bnou<br \/>V\u00a0hled\u00e1n\u00ed nov\u00e9ho<br \/>Pochopeni a<br \/>SOUZN\u011aN\u00cd\u2026.<\/p>\n<p style=\"text-align: center;\">Mgr. Leona Chvojkov\u00e1 je absolventka dvou vysok\u00fdch \u0161kol humanitn\u00edho sm\u011bru, cestovatelka,\u00a0 v\u00fdtvarnice a mal\u00ed\u0159ka. Kvalitou sv\u00fdch d\u011bl p\u0159esahuje pr\u016fm\u011br profesion\u00e1ln\u00edch v\u00fdtvarn\u00edk\u016f. Brilantn\u00ed a lahodnou kombinac\u00ed barev zasahuje baz\u00e1ln\u00ed pocity div\u00e1ka. Pe\u010dlivou a propracovanou kompozic\u00ed posunuje vjem z obraz\u016f do roviny v\u00fdznamn\u00fdch z\u00e1\u017eitk\u016f.<\/p>\n<p style=\"text-align: center;\"><strong>Olejomalby Alena Najvrtov\u00e1<\/strong><\/p>\n<p style=\"text-align: center;\"><strong>\u0160\u00e1rka Neme\u0161ov\u00e1\u00a0 Poezie na zdi &#8211; b\u00e1sn\u011b ze sb\u00edrky Chl\u00e9b se sol\u00ed slzami<\/strong><\/p>\n<p style=\"text-align: center;\"><strong>Kv\u011btinovou v\u00fdzdobu kostela vytvo\u0159ila Barbora Hr\u016f\u0161ov\u00e1 z\u00a0Kv\u011btinov\u00e9 farmy Kv\u00edt\u00ed nad Soutokem<\/strong><strong>\u00a0<\/strong><\/p>\n<p style=\"text-align: center;\"><strong>13.00 Divadlo X10 Tribuna<\/strong><\/p>\n<p style=\"text-align: center;\"><strong>10 re\u017eis\u00e9r\u016f \/ 10 herc\u016f \/ 10 krizov\u00fdch moment\u016f \u010desk\u00e9 novodob\u00e9 historie<\/strong><\/p>\n<p style=\"text-align: center;\"><strong>Prom\u00edt\u00e1n\u00ed a diskuze s\u00a0historikem Mgr. Liborem Svobodou, Ph.D.<\/strong><\/p>\n<p style=\"text-align: center;\">Unik\u00e1tn\u00ed historick\u00fd seri\u00e1l vytvo\u0159en\u00fd Ond\u0159ejem \u0160tef\u00e1nikem za odborn\u00e9 spolupr\u00e1ce historika Libora Svobody. Projekt Divadla X10 zalo\u017een\u00fd na projevech v\u00fdzna\u010dn\u00fdch osobnost\u00ed \u010desk\u00e9 politiky a\u00a0kultury, kter\u00e9 ovlivnily sv\u00fdmi ve\u0159ejn\u00fdmi proslovy ch\u00e1p\u00e1n\u00ed skute\u010dnosti v\u00a0krizov\u00fdch okam\u017eic\u00edch \u010desk\u00e9 novodob\u00e9 historie.<\/p>\n<p style=\"text-align: center;\"><strong>14.30 hod. Du\u0161an Havl\u00edk<\/strong><\/p>\n<p style=\"text-align: center;\">P\u0159edn\u00e1\u0161ka zn\u00e1m\u00e9ho m\u00edstn\u00edho bylink\u00e1\u0159e, kter\u00fd prozrad\u00ed sv\u00e1 tajemstv\u00ed z\u00edskan\u00e1 studiem a samostatn\u00fdm uva\u017eov\u00e1n\u00edm o vyu\u017eit\u00ed bylin pro podporu a p\u00e9\u010di o zdrav\u00ed.<\/p>\n<p style=\"text-align: center;\"><strong>15.30 hod.\u00a0 KAPELA P\u016eLTMY<\/strong><\/p>\n<p style=\"text-align: center;\">Jilemnick\u00e1 folk-rockov\u00e1 kapela P\u016fltmy hraj\u00edc\u00ed p\u00edsn\u011b Zuzany Navarov\u00e9 vznikla v roce 2023. Od t\u00e9 doby postupn\u011b nach\u00e1z\u00ed sv\u016fj osobit\u00fd zvuk, kter\u00fdm interpretuje tvorbu t\u00e9to jedine\u010dn\u00e9 \u010desk\u00e9 zp\u011bva\u010dky a skladatelky.<br \/><strong><br \/>17. 00 hod. \u0160\u00e1rka Maz\u00e1nkov\u00e1<\/strong><\/p>\n<p style=\"text-align: center;\">P\u0159edn\u00e1\u0161ka o star\u00fdch stromech, pam\u00e1tn\u00fdch i t\u011bch bezejmenn\u00fdch, o jejich v\u00fdznamu, \u00a0zvl\u00e1\u0161tnostech, pro\u010d je pot\u0159eba je zachovat, chr\u00e1nit, jak\u00e9 benefity p\u0159in\u00e1\u0161ej\u00ed n\u00e1m a zejm\u00e9na p\u0159\u00edrod\u011b.<\/p>\n<p style=\"text-align: center;\"><strong>18.00 hod. Prom\u00edt\u00e1n\u00ed filmu Krajina lidsk\u00e9ho byt\u00ed<\/strong><\/p>\n<p style=\"text-align: center;\">Kr\u00e1tk\u00fd dokument\u00e1rn\u00ed film Jany Huntorov\u00e9, kter\u00fd z\u00edskal 2. cenu na Celost\u00e1tn\u00ed p\u0159ehl\u00eddce filmov\u00e9 tvorby \u010cesk\u00e9 vize 2025, propojuje syrovou realitu s poetickou animac\u00ed vzpom\u00ednek. Zachycuje k\u0159ehkost i ne\u00faprosnost \u017eivota ve vesnici, kde \u010das ztr\u00e1c\u00ed sv\u00e9 hranice a minulost ti\u0161e spl\u00fdv\u00e1 s p\u0159\u00edtomnost\u00ed.<\/p>\n<p style=\"text-align: center;\"><strong>19.00 hod. Kaya &#8211; koncert zp\u011bva\u010dky a songwriterky Karly Salabov\u00e9 s\u00a0jej\u00ed kapelou<\/strong><\/p>\n<p style=\"text-align: center;\">KAYA ocelov\u00e1 v\u00e1\u017eka, sladkoboln\u00e1 p\u00edsni\u010dk\u00e1\u0159ka<\/p>\n<p style=\"text-align: center;\">Karla Salabov\u00e1, zp\u011bva\u010dka, songwriter, b\u00e1sn\u00ed\u0159ka a mal\u00ed\u0159ka, se na \u010desk\u00e9 hudebn\u00ed sc\u00e9n\u011b pohybuje 15 let. S\u00a0kytaristou Stanislavem Barkem si v\u00a0roce 2018 ud\u011blali m\u011bs\u00ed\u010dn\u00ed turn\u00e9 v\u00a0p\u011bti americk\u00fdch st\u00e1tech, dva koncerty odehr\u00e1la v\u00a0Los Angeles. Vystupuje sama i s\u00a0r\u016fzn\u00fdmi hosty, v\u00a0sou\u010dasn\u00e9 dob\u011b jej\u00ed kapelu tvo\u0159\u00ed \u00a0kytarista J\u00e1n Kicko a baskytarista Simeon Salaba. Hru na kytaru dopl\u0148uje looperem. Loopuje\u00a0 vok\u00e1ly a vytv\u00e1\u0159\u00ed tak zaj\u00edmav\u00e9 hudebn\u00ed plochy. Jej\u00ed zral\u00e9 texty se vyzna\u010duj\u00ed k\u0159ehkou poetikou, epesn\u00ed hrou se slovy a siln\u00fdmi emocemi. Nato\u010dila t\u0159i alba \u201eZe v\u0161ech stran j\u00e1\u201c, \u201eProtnut\u00ed tras\u201c a \u201eFibonacci\u201c. Pohybuje se na pomez\u00ed indie, folk, pop rock.\u00a0 Nov\u00e9 aran\u017ee jsou podpo\u0159en\u00e9 rytmikou a jejich tane\u010dnost si zp\u011bva\u010dka velmi u\u017e\u00edv\u00e1.<\/p>\n<p style=\"text-align: center;\"><strong>20.00 hod. Prom\u00edt\u00e1n\u00ed festivalov\u00e9ho filmu Jeden sv\u011bt \u2013 Komu pat\u0159\u00ed moje vesnice? <\/strong><\/p>\n<p style=\"text-align: center;\">Nem\u011bck\u00fd dokument re\u017eis\u00e9ra Christopha Edera z\u00a0roku 2021.<br \/>Ostrov Ruj\u00e1na, obl\u00edben\u00fd dovolenkov\u00fd c\u00edl v b\u00fdval\u00e9m v\u00fdchodn\u00edm N\u011bmecku, za\u010dal po sjednocen\u00ed zem\u011b l\u00e1kat investory. Stane se z vesnice G\u00f6hren komer\u010dn\u00ed letovisko s omezen\u00fdm prostorem pro komunitu m\u00edstn\u00edch?<\/p>\n<p style=\"text-align: center;\"><strong>Ned\u011ble 21. z\u00e1\u0159\u00ed <\/strong><\/p>\n<p style=\"text-align: center;\">13.00 \u2013 18.00 hod.<\/p>\n<p style=\"text-align: center;\"><strong>Mgr. Jind\u0159ich \u010cech a Bc. Marie Nov\u00e1kov\u00e1 \u2013 fototerapie<\/strong><br \/><strong>Mgr. \u0160\u00e1rka Neme\u0161ov\u00e1 \u2013 psychoanalytick\u00e1 psychoterapie<\/strong><\/p>\n<p style=\"text-align: center;\">Individu\u00e1ln\u00ed i skupinov\u00e9 konzultace k\u00a0t\u00e9matice vyu\u017eit\u00ed bylin a psychoanalytick\u00e9 psychoterapie p\u0159i r\u016fzn\u00fdch zdravotn\u00edch obt\u00ed\u017e\u00edch. Prodej bylinn\u00fdch sm\u011bs\u00ed.<\/p>\n<p style=\"text-align: center;\"><strong>14.00 hod. p\u0159edn\u00e1\u0161ka Psychick\u00e9 obt\u00ed\u017ee <\/strong><\/p>\n<p style=\"text-align: center;\">P\u0159edn\u00e1\u0161ka fytoterapeuta a farmaceuta Mgr. Jind\u0159icha \u010cecha alias Alchymisty \u201ePsychick\u00e9 obt\u00ed\u017ee\u201c s\u00a0ochutn\u00e1vkou jeho bylinn\u00fdch \u010daj\u016f.<\/p>\n<p style=\"text-align: center;\">15.00-18.00 \u2013 prom\u00edt\u00e1n\u00ed filmu Krajina lidsk\u00e9ho byt\u00ed, divadeln\u00edho projektu divadla X10 Tribuna a lidskopr\u00e1vn\u00edho dokumentu \u010c\u00ed je moje vesnice.<\/p>\n<p style=\"text-align: center;\">Catering zajist\u00ed Kav\u00e1rna Vlo\u010dka, kter\u00e1 vyzn\u00e1v\u00e1 tradi\u010dn\u00ed hodnoty \u010desk\u00e9 kuchyn\u011b a rytmus roku dle sez\u00f3nnosti. V\u00fdb\u011brov\u00e1 k\u00e1va, kol\u00e1\u010de sladk\u00e9 i slan\u00e9 nebo dom\u00e1c\u00ed limon\u00e1dy. Spojuje rukod\u011blnou pr\u00e1ci a n\u011bkter\u00e9 suroviny \u010derp\u00e1 i z Mari\u00e1nsk\u00e9 str\u00e1n\u011b.<\/p>\n<p>[\/et_pb_text][\/et_pb_column][\/et_pb_row][et_pb_row _builder_version=&#8220;4.27.4&#8243; _module_preset=&#8220;default&#8220; global_colors_info=&#8220;{}&#8220;][et_pb_column type=&#8220;4_4&#8243; _builder_version=&#8220;4.27.4&#8243; _module_preset=&#8220;default&#8220; global_colors_info=&#8220;{}&#8220;][et_pb_code _builder_version=&#8220;4.27.4&#8243; _module_preset=&#8220;default&#8220; global_colors_info=&#8220;{}&#8220;]<iframe loading=\"lazy\" width=\"560\" height=\"315\" src=\"https:\/\/www.youtube.com\/embed\/p-KBKAacC1Q?si=h6maQF54zIgp49lL\" title=\"YouTube video player\" frameborder=\"0\" allow=\"accelerometer; autoplay; clipboard-write; encrypted-media; gyroscope; picture-in-picture; web-share\" referrerpolicy=\"strict-origin-when-cross-origin\" allowfullscreen><\/iframe>[\/et_pb_code][\/et_pb_column][\/et_pb_row][\/et_pb_section]<\/p>\n","protected":false},"excerpt":{"rendered":"<p>Z\u00c1CHRANA KOSTELA SV. MARTINA V DOLN\u00cd OLD\u0158I\u0160I Spolek Terra Viva Doln\u00ed Old\u0159i\u0161 Jsme mali\u010dk\u00fd spolek v\u00a0mali\u010dk\u00e9 vesnici, kterou zas\u00e1hl nemilosrdn\u00fd osten d\u011bjin, kter\u00fd n\u00e1m nen\u00ed lhostejn\u00fd. V\u011bt\u0161ina z\u00a0n\u00e1s se do obce p\u0159ist\u011bhovala s\u00a0touhou nal\u00e9zt v\u00a0t\u00e9to krajin\u011b klid, ct\u00edt jej\u00ed d\u011bjinnou mnohotv\u00e1rnost a rozv\u00edjet ji, aby z\u016fstala zachovan\u00e1 a funk\u010dn\u00ed pro n\u00e1s a ty, kte\u0159\u00ed p\u0159ijdou [&hellip;]<\/p>\n","protected":false},"author":1,"featured_media":0,"parent":0,"menu_order":0,"comment_status":"closed","ping_status":"closed","template":"","meta":{"_et_pb_use_builder":"on","_et_pb_old_content":"","_et_gb_content_width":"","footnotes":""},"class_list":["post-10","page","type-page","status-publish","hentry"],"_links":{"self":[{"href":"http:\/\/terraviva.cz\/index.php\/wp-json\/wp\/v2\/pages\/10","targetHints":{"allow":["GET"]}}],"collection":[{"href":"http:\/\/terraviva.cz\/index.php\/wp-json\/wp\/v2\/pages"}],"about":[{"href":"http:\/\/terraviva.cz\/index.php\/wp-json\/wp\/v2\/types\/page"}],"author":[{"embeddable":true,"href":"http:\/\/terraviva.cz\/index.php\/wp-json\/wp\/v2\/users\/1"}],"replies":[{"embeddable":true,"href":"http:\/\/terraviva.cz\/index.php\/wp-json\/wp\/v2\/comments?post=10"}],"version-history":[{"count":28,"href":"http:\/\/terraviva.cz\/index.php\/wp-json\/wp\/v2\/pages\/10\/revisions"}],"predecessor-version":[{"id":114,"href":"http:\/\/terraviva.cz\/index.php\/wp-json\/wp\/v2\/pages\/10\/revisions\/114"}],"wp:attachment":[{"href":"http:\/\/terraviva.cz\/index.php\/wp-json\/wp\/v2\/media?parent=10"}],"curies":[{"name":"wp","href":"https:\/\/api.w.org\/{rel}","templated":true}]}}